{"id":1827,"date":"2023-11-19T14:31:27","date_gmt":"2023-11-19T14:31:27","guid":{"rendered":"https:\/\/suntbine.md\/?post_type=episode&#038;p=1827"},"modified":"2023-11-19T14:31:27","modified_gmt":"2023-11-19T14:31:27","slug":"cele-8143-de-zile-ale-lui-catalin-caragea-partea-2","status":"publish","type":"episode","link":"https:\/\/suntbine.md\/?episode=cele-8143-de-zile-ale-lui-catalin-caragea-partea-2","title":{"rendered":"Cele 8143 de zile ale lui C\u0103t\u0103lin Caragea \/ Partea 2"},"content":{"rendered":"\n<div class=\"wp-block-group\"><div class=\"wp-block-group__inner-container is-layout-flow wp-block-group-is-layout-flow\">\n<p><em>Aboneaz\u0103-te la podcastul \u201eSunt Bine\u201d \u0219i las\u0103-ne o recomandare! \ud83c\udf1f<\/em><\/p>\n\n\n\n<div class=\"wp-block-buttons is-layout-flex wp-block-buttons-is-layout-flex\">\n<div class=\"wp-block-button is-style-outline is-style-outline--1\"><a class=\"wp-block-button__link has-vivid-purple-color has-text-color wp-element-button\" href=\"https:\/\/podcasts.apple.com\/us\/podcast\/sunt-bine-podcast\/id1505037113\" target=\"_blank\" rel=\"noreferrer noopener\">Apple Podcasts<\/a><\/div>\n\n\n\n<div class=\"wp-block-button is-style-outline is-style-outline--2\"><a class=\"wp-block-button__link has-vivid-red-color has-text-color wp-element-button\" href=\"https:\/\/podcasts.google.com\/feed\/aHR0cHM6Ly9hbmNob3IuZm0vcy8xODdiMzE5MC9wb2RjYXN0L3Jzcw==\" target=\"_blank\" rel=\"noreferrer noopener\">Google Podcasts<\/a><\/div>\n\n\n\n<div class=\"wp-block-button is-style-outline is-style-outline--3\"><a class=\"wp-block-button__link has-vivid-green-cyan-color has-text-color wp-element-button\" href=\"https:\/\/open.spotify.com\/show\/0uzfEeaELxUIpQHnyF7TrL\" target=\"_blank\" rel=\"noreferrer noopener\">Spotify<\/a><\/div>\n<\/div>\n<\/div><\/div>\n\n\n\n<hr class=\"wp-block-separator has-alpha-channel-opacity\"\/>\n\n\n\n<p>Solistul trupei 7 Klase C\u0103t\u0103lin Caragea a fost un artist ambi\u021bios, fiu iubit \u0219i amic devotat. La 22 de ani, a decis s\u0103 moar\u0103 prin suicid. A l\u0103sat \u00een urm\u0103 mii de fani \u00eendolia\u021bi, p\u0103rin\u021bi zdrobi\u021bi de durere \u0219i prieteni care \u00eei duc dorul. <br><br>\u00cen al doilea episod al acestei edi\u021bii speciale, discut\u0103m cu psihologa de la Centrul de S\u0103n\u0103tate Prietenos Tinerilor \u201eNeovita\u201d Irina Pasat despre fenomenul suicidului printre tineri \u0219i cu \u0219eful Direc\u021biei generale Politici \u00een domeniul serviciilor medicale integrate de la Ministerul S\u0103n\u0103t\u0103\u021bii, Vadim Aftene, despre m\u0103surile luate de autorit\u0103\u021bi ca s\u0103 promoveze grija pentru s\u0103n\u0103tatea mintal\u0103. Spre final, afl\u0103m cum Aurelia Deliu, mama lui C\u0103t\u0103lin, \u0219i prietenul din adolescen\u021b\u0103 Valerian Moraru fac fa\u021b\u0103 acestei pierderi imense. <br><br>Ca s\u0103 afli \u00eentreaga poveste, \u00ee\u021bi recomand\u0103m s\u0103 ascul\u021bi edi\u021bia special\u0103 \u00eencep\u00e2nd cu partea \u00eent\u00e2i. <br><br>Aten\u021bie: Acest episod con\u021bine men\u021biuni despre suicid \u0219i doliu. Ascult\u0103 cu grij\u0103.<\/p>\n\n\n\n<p>***<\/p>\n\n\n\n<p>\u00cen cazul \u00een care ai g\u00e2nduri suicidare, apeleaz\u0103 dup\u0103 ajutor profesionist la Centrul Comunitar de S\u0103n\u0103tate Mintal\u0103 din localitatea ta. Dac\u0103 ai \u00eentre 10 \u0219i 24 de ani, po\u021bi suna gratuit \u0219i anonim la Youth Klinic Support Line de la \u201eNeovita\u201d \u2013 0 800 800 22.<\/p>\n\n\n\n<p>***<\/p>\n\n\n\n<p><strong>Aboneaz\u0103-te la \u201eSunt Bine Podcast\u201d pe re\u021belele de socializare:<\/strong><\/p>\n\n\n\n<p>Facebook: <a href=\"https:\/\/www.facebook.com\/suntbinepodcast\">\u2060\u2060https:\/\/www.facebook.com\/suntbinepodcast\u2060\u2060<\/a><br>Instagram: <a href=\"https:\/\/www.instagram.com\/suntbinepodcast\/\">\u2060\u2060https:\/\/www.instagram.com\/suntbinepodcast\/\u2060\u2060<\/a><br>YouTube: <a href=\"https:\/\/www.youtube.com\/@suntbinepodcast\">\u2060\u2060https:\/\/www.youtube.com\/@suntbinepodcast\u2060\u2060<\/a><br>TikTok: <a href=\"https:\/\/www.tiktok.com\/@suntbinepodcast\">\u2060\u2060https:\/\/www.tiktok.com\/@suntbinepodcast\u2060\u2060<\/a> <br>Site: <a href=\"https:\/\/suntbine.md\/\">\u2060\u2060https:\/\/suntbine.md\/\u2060\u2060<\/a><\/p>\n\n\n\n<p>***<\/p>\n\n\n\n<p>Gazda \u0219i produc\u0103toarea episodului: Natalia Sergheev <br>Editoarea textului: Alina \u021aurcanu <br>Ilustra\u021bie: Aliona Ciobanu<br>Co-fondatoarea \u201eSunt Bine\u201d: Victoria Colesnic <br>Muzica: Andrei Teac\u0103 \u0219i Lilian Severin<br>Asisten\u021b\u0103 tehnic\u0103: Tudor Bologan<\/p>\n\n\n\n<p>***<\/p>\n\n\n\n<p><em>Aceast\u0103 publica\u021bie a fost produs\u0103 cu suportul financiar al Uniunii Europene. Con\u021binutul acesteia reprezint\u0103 responsabilitatea exclusiv\u0103 a beneficiarului EU4IM (Sunt Bine Podcast) \u0219i nu reflect\u0103 \u00een mod neap\u0103rat viziunea Uniunii Europene.<\/em><\/p>\n\n\n\n<figure class=\"wp-block-image size-large\"><img loading=\"lazy\" decoding=\"async\" width=\"1024\" height=\"188\" src=\"https:\/\/suntbine.md\/wp-content\/uploads\/2023\/11\/Romanian-for-Moldova-1024x188.jpg\" alt=\"\" class=\"wp-image-1821\" srcset=\"https:\/\/suntbine.md\/wp-content\/uploads\/2023\/11\/Romanian-for-Moldova-1024x188.jpg 1024w, https:\/\/suntbine.md\/wp-content\/uploads\/2023\/11\/Romanian-for-Moldova-300x55.jpg 300w, https:\/\/suntbine.md\/wp-content\/uploads\/2023\/11\/Romanian-for-Moldova-768x141.jpg 768w, https:\/\/suntbine.md\/wp-content\/uploads\/2023\/11\/Romanian-for-Moldova-1536x282.jpg 1536w, https:\/\/suntbine.md\/wp-content\/uploads\/2023\/11\/Romanian-for-Moldova-2048x377.jpg 2048w\" sizes=\"auto, (max-width: 1024px) 100vw, 1024px\" \/><\/figure>\n","protected":false},"excerpt":{"rendered":"<p>Cum Aurelia Deliu, mama lui C\u0103t\u0103lin Caragea, \u0219i prietenul din adolescen\u021b\u0103 Valerian Moraru fac fa\u021b\u0103 acestei pierderi imense? <\/p>\n","protected":false},"author":4,"featured_media":1831,"menu_order":0,"comment_status":"closed","ping_status":"closed","template":"","meta":{"footnotes":""},"categories":[4],"tags":[],"class_list":["post-1827","episode","type-episode","status-publish","has-post-thumbnail","hentry","category-podcast"],"acf":[],"yoast_head":"<!-- This site is optimized with the Yoast SEO plugin v21.3 - https:\/\/yoast.com\/wordpress\/plugins\/seo\/ -->\n<title>Cele 8143 de zile ale lui C\u0103t\u0103lin Caragea \/ Partea 2 | Sunt Bine<\/title>\n<meta name=\"robots\" content=\"index, follow, max-snippet:-1, max-image-preview:large, max-video-preview:-1\" \/>\n<link rel=\"canonical\" href=\"https:\/\/suntbine.md\/?episode=cele-8143-de-zile-ale-lui-catalin-caragea-partea-2\" \/>\n<meta property=\"og:locale\" content=\"ro_RO\" \/>\n<meta property=\"og:type\" content=\"article\" \/>\n<meta property=\"og:title\" content=\"Cele 8143 de zile ale lui C\u0103t\u0103lin Caragea \/ Partea 2 | Sunt Bine\" \/>\n<meta property=\"og:description\" content=\"Cum Aurelia Deliu, mama lui C\u0103t\u0103lin Caragea, \u0219i prietenul din adolescen\u021b\u0103 Valerian Moraru fac fa\u021b\u0103 acestei pierderi imense?\" \/>\n<meta property=\"og:url\" content=\"https:\/\/suntbine.md\/?episode=cele-8143-de-zile-ale-lui-catalin-caragea-partea-2\" \/>\n<meta property=\"og:site_name\" content=\"Sunt Bine\" \/>\n<meta property=\"article:publisher\" content=\"https:\/\/www.facebook.com\/suntbinepodcast\" \/>\n<meta property=\"og:image\" content=\"https:\/\/suntbine.md\/wp-content\/uploads\/2023\/11\/sunt-bine-ilustratie-1-v2-1350x1350-1.png\" \/>\n\t<meta property=\"og:image:width\" content=\"1350\" \/>\n\t<meta property=\"og:image:height\" content=\"1350\" \/>\n\t<meta property=\"og:image:type\" content=\"image\/png\" \/>\n<meta name=\"twitter:card\" content=\"summary_large_image\" \/>\n<meta name=\"twitter:label1\" content=\"Timp estimat pentru citire\" \/>\n\t<meta name=\"twitter:data1\" content=\"2 minute\" \/>\n<script type=\"application\/ld+json\" class=\"yoast-schema-graph\">{\"@context\":\"https:\/\/schema.org\",\"@graph\":[{\"@type\":\"WebPage\",\"@id\":\"https:\/\/suntbine.md\/?episode=cele-8143-de-zile-ale-lui-catalin-caragea-partea-2\",\"url\":\"https:\/\/suntbine.md\/?episode=cele-8143-de-zile-ale-lui-catalin-caragea-partea-2\",\"name\":\"Cele 8143 de zile ale lui C\u0103t\u0103lin Caragea \/ Partea 2 | Sunt Bine\",\"isPartOf\":{\"@id\":\"https:\/\/suntbine.md\/#website\"},\"datePublished\":\"2023-11-19T14:31:27+00:00\",\"dateModified\":\"2023-11-19T14:31:27+00:00\",\"breadcrumb\":{\"@id\":\"https:\/\/suntbine.md\/?episode=cele-8143-de-zile-ale-lui-catalin-caragea-partea-2#breadcrumb\"},\"inLanguage\":\"ro-RO\",\"potentialAction\":[{\"@type\":\"ReadAction\",\"target\":[\"https:\/\/suntbine.md\/?episode=cele-8143-de-zile-ale-lui-catalin-caragea-partea-2\"]}]},{\"@type\":\"BreadcrumbList\",\"@id\":\"https:\/\/suntbine.md\/?episode=cele-8143-de-zile-ale-lui-catalin-caragea-partea-2#breadcrumb\",\"itemListElement\":[{\"@type\":\"ListItem\",\"position\":1,\"name\":\"Prima pagin\u0103\",\"item\":\"https:\/\/suntbine.md\/\"},{\"@type\":\"ListItem\",\"position\":2,\"name\":\"Episodes\",\"item\":\"https:\/\/suntbine.md\/?post_type=episode\"},{\"@type\":\"ListItem\",\"position\":3,\"name\":\"Cele 8143 de zile ale lui C\u0103t\u0103lin Caragea \/ Partea 2\"}]},{\"@type\":\"WebSite\",\"@id\":\"https:\/\/suntbine.md\/#website\",\"url\":\"https:\/\/suntbine.md\/\",\"name\":\"Sunt Bine Podcast\",\"description\":\"Un podcast despre s\u0103n\u0103tatea mintal\u0103 \u00een Republica Moldova\",\"publisher\":{\"@id\":\"https:\/\/suntbine.md\/#organization\"},\"potentialAction\":[{\"@type\":\"SearchAction\",\"target\":{\"@type\":\"EntryPoint\",\"urlTemplate\":\"https:\/\/suntbine.md\/?s={search_term_string}\"},\"query-input\":\"required name=search_term_string\"}],\"inLanguage\":\"ro-RO\"},{\"@type\":\"Organization\",\"@id\":\"https:\/\/suntbine.md\/#organization\",\"name\":\"Sunt Bine Podcast\",\"url\":\"https:\/\/suntbine.md\/\",\"logo\":{\"@type\":\"ImageObject\",\"inLanguage\":\"ro-RO\",\"@id\":\"https:\/\/suntbine.md\/#\/schema\/logo\/image\/\",\"url\":\"https:\/\/suntbine.md\/wp-content\/uploads\/2020\/02\/logo2sizeok.png\",\"contentUrl\":\"https:\/\/suntbine.md\/wp-content\/uploads\/2020\/02\/logo2sizeok.png\",\"width\":493,\"height\":493,\"caption\":\"Sunt Bine Podcast\"},\"image\":{\"@id\":\"https:\/\/suntbine.md\/#\/schema\/logo\/image\/\"},\"sameAs\":[\"https:\/\/www.facebook.com\/suntbinepodcast\",\"https:\/\/www.instagram.com\/suntbinepodcast\/\",\"https:\/\/www.youtube.com\/channel\/UCq0NMj7pJmlEC76ICdCvI3w\"]}]}<\/script>\n<!-- \/ Yoast SEO plugin. -->","yoast_head_json":{"title":"Cele 8143 de zile ale lui C\u0103t\u0103lin Caragea \/ Partea 2 | Sunt Bine","robots":{"index":"index","follow":"follow","max-snippet":"max-snippet:-1","max-image-preview":"max-image-preview:large","max-video-preview":"max-video-preview:-1"},"canonical":"https:\/\/suntbine.md\/?episode=cele-8143-de-zile-ale-lui-catalin-caragea-partea-2","og_locale":"ro_RO","og_type":"article","og_title":"Cele 8143 de zile ale lui C\u0103t\u0103lin Caragea \/ Partea 2 | Sunt Bine","og_description":"Cum Aurelia Deliu, mama lui C\u0103t\u0103lin Caragea, \u0219i prietenul din adolescen\u021b\u0103 Valerian Moraru fac fa\u021b\u0103 acestei pierderi imense?","og_url":"https:\/\/suntbine.md\/?episode=cele-8143-de-zile-ale-lui-catalin-caragea-partea-2","og_site_name":"Sunt Bine","article_publisher":"https:\/\/www.facebook.com\/suntbinepodcast","og_image":[{"width":1350,"height":1350,"url":"https:\/\/suntbine.md\/wp-content\/uploads\/2023\/11\/sunt-bine-ilustratie-1-v2-1350x1350-1.png","type":"image\/png"}],"twitter_card":"summary_large_image","twitter_misc":{"Timp estimat pentru citire":"2 minute"},"schema":{"@context":"https:\/\/schema.org","@graph":[{"@type":"WebPage","@id":"https:\/\/suntbine.md\/?episode=cele-8143-de-zile-ale-lui-catalin-caragea-partea-2","url":"https:\/\/suntbine.md\/?episode=cele-8143-de-zile-ale-lui-catalin-caragea-partea-2","name":"Cele 8143 de zile ale lui C\u0103t\u0103lin Caragea \/ Partea 2 | Sunt Bine","isPartOf":{"@id":"https:\/\/suntbine.md\/#website"},"datePublished":"2023-11-19T14:31:27+00:00","dateModified":"2023-11-19T14:31:27+00:00","breadcrumb":{"@id":"https:\/\/suntbine.md\/?episode=cele-8143-de-zile-ale-lui-catalin-caragea-partea-2#breadcrumb"},"inLanguage":"ro-RO","potentialAction":[{"@type":"ReadAction","target":["https:\/\/suntbine.md\/?episode=cele-8143-de-zile-ale-lui-catalin-caragea-partea-2"]}]},{"@type":"BreadcrumbList","@id":"https:\/\/suntbine.md\/?episode=cele-8143-de-zile-ale-lui-catalin-caragea-partea-2#breadcrumb","itemListElement":[{"@type":"ListItem","position":1,"name":"Prima pagin\u0103","item":"https:\/\/suntbine.md\/"},{"@type":"ListItem","position":2,"name":"Episodes","item":"https:\/\/suntbine.md\/?post_type=episode"},{"@type":"ListItem","position":3,"name":"Cele 8143 de zile ale lui C\u0103t\u0103lin Caragea \/ Partea 2"}]},{"@type":"WebSite","@id":"https:\/\/suntbine.md\/#website","url":"https:\/\/suntbine.md\/","name":"Sunt Bine Podcast","description":"Un podcast despre s\u0103n\u0103tatea mintal\u0103 \u00een Republica Moldova","publisher":{"@id":"https:\/\/suntbine.md\/#organization"},"potentialAction":[{"@type":"SearchAction","target":{"@type":"EntryPoint","urlTemplate":"https:\/\/suntbine.md\/?s={search_term_string}"},"query-input":"required name=search_term_string"}],"inLanguage":"ro-RO"},{"@type":"Organization","@id":"https:\/\/suntbine.md\/#organization","name":"Sunt Bine Podcast","url":"https:\/\/suntbine.md\/","logo":{"@type":"ImageObject","inLanguage":"ro-RO","@id":"https:\/\/suntbine.md\/#\/schema\/logo\/image\/","url":"https:\/\/suntbine.md\/wp-content\/uploads\/2020\/02\/logo2sizeok.png","contentUrl":"https:\/\/suntbine.md\/wp-content\/uploads\/2020\/02\/logo2sizeok.png","width":493,"height":493,"caption":"Sunt Bine Podcast"},"image":{"@id":"https:\/\/suntbine.md\/#\/schema\/logo\/image\/"},"sameAs":["https:\/\/www.facebook.com\/suntbinepodcast","https:\/\/www.instagram.com\/suntbinepodcast\/","https:\/\/www.youtube.com\/channel\/UCq0NMj7pJmlEC76ICdCvI3w"]}]}},"_links":{"self":[{"href":"https:\/\/suntbine.md\/index.php?rest_route=\/wp\/v2\/episode\/1827","targetHints":{"allow":["GET"]}}],"collection":[{"href":"https:\/\/suntbine.md\/index.php?rest_route=\/wp\/v2\/episode"}],"about":[{"href":"https:\/\/suntbine.md\/index.php?rest_route=\/wp\/v2\/types\/episode"}],"author":[{"embeddable":true,"href":"https:\/\/suntbine.md\/index.php?rest_route=\/wp\/v2\/users\/4"}],"replies":[{"embeddable":true,"href":"https:\/\/suntbine.md\/index.php?rest_route=%2Fwp%2Fv2%2Fcomments&post=1827"}],"version-history":[{"count":3,"href":"https:\/\/suntbine.md\/index.php?rest_route=\/wp\/v2\/episode\/1827\/revisions"}],"predecessor-version":[{"id":1832,"href":"https:\/\/suntbine.md\/index.php?rest_route=\/wp\/v2\/episode\/1827\/revisions\/1832"}],"wp:featuredmedia":[{"embeddable":true,"href":"https:\/\/suntbine.md\/index.php?rest_route=\/wp\/v2\/media\/1831"}],"wp:attachment":[{"href":"https:\/\/suntbine.md\/index.php?rest_route=%2Fwp%2Fv2%2Fmedia&parent=1827"}],"wp:term":[{"taxonomy":"category","embeddable":true,"href":"https:\/\/suntbine.md\/index.php?rest_route=%2Fwp%2Fv2%2Fcategories&post=1827"},{"taxonomy":"post_tag","embeddable":true,"href":"https:\/\/suntbine.md\/index.php?rest_route=%2Fwp%2Fv2%2Ftags&post=1827"}],"curies":[{"name":"wp","href":"https:\/\/api.w.org\/{rel}","templated":true}]}}